{"id":59842,"date":"2026-03-09T13:16:23","date_gmt":"2026-03-09T20:16:23","guid":{"rendered":"https:\/\/www.nlacrc.org\/?post_type=tribe_events&#038;p=59842"},"modified":"2026-03-09T13:24:00","modified_gmt":"2026-03-09T20:24:00","slug":"servicios-de-salud-mental-en-educacion-especial","status":"publish","type":"tribe_events","link":"https:\/\/www.nlacrc.org\/tl\/calendar\/servicios-de-salud-mental-en-educacion-especial\/","title":{"rendered":"Servicios de Salud Mental en Educaci\u00f3n Especial"},"content":{"rendered":"<div>\n<p><img loading=\"lazy\" decoding=\"async\" class=\"alignnone size-large wp-image-59844\" src=\"https:\/\/www.nlacrc.org\/wp-content\/uploads\/2026\/03\/servicios-de-salud-mental-en-educacion-especial-1-819x1024.png\" alt=\"\" width=\"819\" height=\"1024\" srcset=\"https:\/\/www.nlacrc.org\/wp-content\/uploads\/2026\/03\/servicios-de-salud-mental-en-educacion-especial-1-819x1024.png 819w, https:\/\/www.nlacrc.org\/wp-content\/uploads\/2026\/03\/servicios-de-salud-mental-en-educacion-especial-1-240x300.png 240w, https:\/\/www.nlacrc.org\/wp-content\/uploads\/2026\/03\/servicios-de-salud-mental-en-educacion-especial-1-768x960.png 768w, https:\/\/www.nlacrc.org\/wp-content\/uploads\/2026\/03\/servicios-de-salud-mental-en-educacion-especial-1.png 1080w, https:\/\/www.nlacrc.org\/wp-content\/uploads\/2026\/03\/servicios-de-salud-mental-en-educacion-especial-1-10x12.png 10w, https:\/\/www.nlacrc.org\/wp-content\/uploads\/2026\/03\/servicios-de-salud-mental-en-educacion-especial-1-19x24.png 19w, https:\/\/www.nlacrc.org\/wp-content\/uploads\/2026\/03\/servicios-de-salud-mental-en-educacion-especial-1-29x36.png 29w, https:\/\/www.nlacrc.org\/wp-content\/uploads\/2026\/03\/servicios-de-salud-mental-en-educacion-especial-1-38x48.png 38w\" sizes=\"auto, (max-width: 819px) 100vw, 819px\" \/><br \/>\n<strong>Fecha y Hora:<\/strong> Martes, 17 de marzo de 2026 \u2014 10:00am a 11:30am<br \/>\n<strong>Tema:<\/strong> Servicios de Salud Mental Relacionados con la Educaci\u00f3n (ERMHS)<br \/>\n<strong>Idioma:<\/strong> Espa\u00f1ol<br \/>\n<strong>Organizado por:<\/strong> Disability Rights California &amp; Family Focus Resource Center (CSUN)<br \/>\n<strong>Registro:<\/strong> <a href=\"https:\/\/news.csun.edu\/events\/category\/family-focus-resource-center\/month\/\">https:\/\/news.csun.edu\/events\/category\/family-focus-resource-center\/month\/<\/a><br \/>\n<strong>Contacto:<\/strong> Rebeca \u2014 rebeca.diaz@csun.edu o 818\u2011677\u20116854<br \/>\n<strong>Dirigido a:<\/strong> Familias, cuidadores y miembros de la comunidad interesados en servicios de salud mental dentro del IEP<\/p>\n<p><strong>Los asistentes aprender\u00e1n:<\/strong><\/p>\n<ul>\n<li>Qu\u00e9 son los <strong>ERMHS (Servicios de Salud Mental Relacionados con la Educaci\u00f3n)<\/strong><\/li>\n<li>C\u00f3mo ERMHS apoyan necesidades <strong>sociales, emocionales y de comportamiento<\/strong><\/li>\n<li>C\u00f3mo se integran los ERMHS en el <strong>Programa de Educaci\u00f3n Individualizado (IEP)<\/strong><\/li>\n<li>C\u00f3mo estos servicios ayudan a los estudiantes a tener \u00e9xito acad\u00e9mico y emocional<\/li>\n<\/ul>\n<\/div>","protected":false},"excerpt":{"rendered":"Fecha y Hora: Martes, 17 de marzo de 2026 \u2014 10:00am a 11:30am Tema: Servicios de Salud Mental Relacionados con [&hellip;]","protected":false},"author":67,"featured_media":0,"template":"","meta":{"_acf_changed":false,"advgb_blocks_editor_width":"","advgb_blocks_columns_visual_guide":"","_EventAllDay":false,"_EventTimezone":"America\/Los_Angeles","_EventStartDate":"2026-03-17 10:00:00","_EventEndDate":"2026-03-17 11:30:00","_EventStartDateUTC":"2026-03-17 17:00:00","_EventEndDateUTC":"2026-03-17 18:30:00","_EventShowMap":false,"_EventShowMapLink":false,"_EventURL":"","_EventCost":"","_EventCostDescription":"","_EventCurrencySymbol":"$","_EventCurrencyCode":"USD","_EventCurrencyPosition":"prefix","_EventDateTimeSeparator":"","_EventTimeRangeSeparator":"","_EventOrganizerID":[],"_EventVenueID":[],"_OrganizerEmail":"","_OrganizerPhone":"","_OrganizerWebsite":"","_VenueAddress":"","_VenueCity":"","_VenueCountry":"","_VenueProvince":"","_VenueState":"","_VenueZip":"","_VenuePhone":"","_VenueURL":"","_VenueStateProvince":"","_VenueLat":"","_VenueLng":"","_VenueShowMap":false,"_VenueShowMapLink":false,"_tribe_blocks_recurrence_rules":"","_tribe_blocks_recurrence_description":"","_tribe_blocks_recurrence_exclusions":"","_tribe_events_status":"","_tribe_events_status_reason":"","_tribe_events_is_hybrid":"","_tribe_events_is_virtual":"","_tribe_events_virtual_video_source":"","_tribe_events_virtual_embed_video":"","_tribe_events_virtual_linked_button_text":"","_tribe_events_virtual_linked_button":"","_tribe_events_virtual_show_embed_at":"","_tribe_events_virtual_show_embed_to":[],"_tribe_events_virtual_show_on_event":"","_tribe_events_virtual_show_on_views":"","_tribe_events_virtual_url":"","footnotes":""},"tags":[],"tribe_events_cat":[598],"class_list":["post-59842","tribe_events","type-tribe_events","status-publish","hentry","tribe_events_cat-events","cat_events"],"acf":[],"yoast_head":"<!-- This site is optimized with the Yoast SEO plugin v26.4 - https:\/\/yoast.com\/wordpress\/plugins\/seo\/ -->\n<title>Servicios de Salud Mental en Educaci\u00f3n Especial - North Los Angeles County<\/title>\n<meta name=\"description\" content=\"Servicios de Salud Mental en Educaci\u00f3n Especial - Fecha y Hora: Martes, 17 de marzo de 2026 \u2014 10:00am a 11:30am Tema: Servicios de Salud Mental Relacionados con la Educaci\u00f3n (ERMHS) Idioma: Espa\u00f1ol\" \/>\n<meta name=\"robots\" content=\"noindex, follow\" \/>\n<meta property=\"og:locale\" content=\"en_US\" \/>\n<meta property=\"og:type\" content=\"article\" \/>\n<meta property=\"og:title\" content=\"Servicios de Salud Mental en Educaci\u00f3n Especial - North Los Angeles County\" \/>\n<meta property=\"og:description\" content=\"Servicios de Salud Mental en Educaci\u00f3n Especial - Fecha y Hora: Martes, 17 de marzo de 2026 \u2014 10:00am a 11:30am Tema: Servicios de Salud Mental Relacionados con la Educaci\u00f3n (ERMHS) Idioma: Espa\u00f1ol\" \/>\n<meta property=\"og:url\" content=\"https:\/\/www.nlacrc.org\/tl\/calendar\/servicios-de-salud-mental-en-educacion-especial\/\" \/>\n<meta property=\"og:site_name\" content=\"North Los Angeles County\" \/>\n<meta property=\"article:publisher\" content=\"https:\/\/www.facebook.com\/NLACRC\/\" \/>\n<meta property=\"article:modified_time\" content=\"2026-03-09T20:24:00+00:00\" \/>\n<meta property=\"og:image\" content=\"https:\/\/www.nlacrc.org\/wp-content\/uploads\/2026\/03\/servicios-de-salud-mental-en-educacion-especial-1-819x1024.png\" \/>\n<meta name=\"twitter:card\" content=\"summary_large_image\" \/>\n<meta name=\"twitter:site\" content=\"@NLACRC\" \/>\n<meta name=\"twitter:label1\" content=\"Est. reading time\" \/>\n\t<meta name=\"twitter:data1\" content=\"1 minute\" \/>\n<script type=\"application\/ld+json\" class=\"yoast-schema-graph\">{\"@context\":\"https:\/\/schema.org\",\"@graph\":[{\"@type\":\"WebPage\",\"@id\":\"https:\/\/www.nlacrc.org\/tl\/calendar\/servicios-de-salud-mental-en-educacion-especial\/\",\"url\":\"https:\/\/www.nlacrc.org\/tl\/calendar\/servicios-de-salud-mental-en-educacion-especial\/\",\"name\":\"Servicios de Salud Mental en Educaci\u00f3n Especial - North Los Angeles County\",\"isPartOf\":{\"@id\":\"https:\/\/www.nlacrc.org\/fa\/#website\"},\"primaryImageOfPage\":{\"@id\":\"https:\/\/www.nlacrc.org\/tl\/calendar\/servicios-de-salud-mental-en-educacion-especial\/#primaryimage\"},\"image\":{\"@id\":\"https:\/\/www.nlacrc.org\/tl\/calendar\/servicios-de-salud-mental-en-educacion-especial\/#primaryimage\"},\"thumbnailUrl\":\"https:\/\/www.nlacrc.org\/wp-content\/uploads\/2026\/03\/servicios-de-salud-mental-en-educacion-especial-1-819x1024.png\",\"datePublished\":\"2026-03-09T20:16:23+00:00\",\"dateModified\":\"2026-03-09T20:24:00+00:00\",\"description\":\"Servicios de Salud Mental en Educaci\u00f3n Especial - Fecha y Hora: Martes, 17 de marzo de 2026 \u2014 10:00am a 11:30am Tema: Servicios de Salud Mental Relacionados con la Educaci\u00f3n (ERMHS) Idioma: Espa\u00f1ol\",\"breadcrumb\":{\"@id\":\"https:\/\/www.nlacrc.org\/tl\/calendar\/servicios-de-salud-mental-en-educacion-especial\/#breadcrumb\"},\"inLanguage\":\"tl\",\"potentialAction\":[{\"@type\":\"ReadAction\",\"target\":[\"https:\/\/www.nlacrc.org\/tl\/calendar\/servicios-de-salud-mental-en-educacion-especial\/\"]}]},{\"@type\":\"ImageObject\",\"inLanguage\":\"tl\",\"@id\":\"https:\/\/www.nlacrc.org\/tl\/calendar\/servicios-de-salud-mental-en-educacion-especial\/#primaryimage\",\"url\":\"https:\/\/www.nlacrc.org\/wp-content\/uploads\/2026\/03\/servicios-de-salud-mental-en-educacion-especial-1-819x1024.png\",\"contentUrl\":\"https:\/\/www.nlacrc.org\/wp-content\/uploads\/2026\/03\/servicios-de-salud-mental-en-educacion-especial-1-819x1024.png\"},{\"@type\":\"BreadcrumbList\",\"@id\":\"https:\/\/www.nlacrc.org\/tl\/calendar\/servicios-de-salud-mental-en-educacion-especial\/#breadcrumb\",\"itemListElement\":[{\"@type\":\"ListItem\",\"position\":1,\"name\":\"Home\",\"item\":\"https:\/\/www.nlacrc.org\/\"},{\"@type\":\"ListItem\",\"position\":2,\"name\":\"Events\",\"item\":\"https:\/\/nlacrc.org\/tl\/calendar\/\"},{\"@type\":\"ListItem\",\"position\":3,\"name\":\"Servicios de Salud Mental en Educaci\u00f3n Especial\"}]},{\"@type\":\"WebSite\",\"@id\":\"https:\/\/www.nlacrc.org\/fa\/#website\",\"url\":\"https:\/\/www.nlacrc.org\/fa\/\",\"name\":\"North Los Angeles County\",\"description\":\"Regional Center\",\"publisher\":{\"@id\":\"https:\/\/www.nlacrc.org\/fa\/#organization\"},\"potentialAction\":[{\"@type\":\"SearchAction\",\"target\":{\"@type\":\"EntryPoint\",\"urlTemplate\":\"https:\/\/www.nlacrc.org\/fa\/?s={search_term_string}\"},\"query-input\":{\"@type\":\"PropertyValueSpecification\",\"valueRequired\":true,\"valueName\":\"search_term_string\"}}],\"inLanguage\":\"tl\"},{\"@type\":\"Organization\",\"@id\":\"https:\/\/www.nlacrc.org\/fa\/#organization\",\"name\":\"North Los Angeles County\",\"url\":\"https:\/\/www.nlacrc.org\/fa\/\",\"logo\":{\"@type\":\"ImageObject\",\"inLanguage\":\"tl\",\"@id\":\"https:\/\/www.nlacrc.org\/fa\/#\/schema\/logo\/image\/\",\"url\":\"https:\/\/www.nlacrc.org\/wp-content\/uploads\/2024\/06\/logo.svg\",\"contentUrl\":\"https:\/\/www.nlacrc.org\/wp-content\/uploads\/2024\/06\/logo.svg\",\"width\":131,\"height\":130,\"caption\":\"North Los Angeles County\"},\"image\":{\"@id\":\"https:\/\/www.nlacrc.org\/fa\/#\/schema\/logo\/image\/\"},\"sameAs\":[\"https:\/\/www.facebook.com\/NLACRC\/\",\"https:\/\/x.com\/NLACRC\"]}]}<\/script>\n<!-- \/ Yoast SEO plugin. -->","yoast_head_json":{"title":"Servicios de Salud Mental en Educaci\u00f3n Especial - North Los Angeles County","description":"Servicios de Salud Mental en Educaci\u00f3n Especial - Fecha y Hora: Martes, 17 de marzo de 2026 \u2014 10:00am a 11:30am Tema: Servicios de Salud Mental Relacionados con la Educaci\u00f3n (ERMHS) Idioma: Espa\u00f1ol","robots":{"index":"noindex","follow":"follow"},"og_locale":"en_US","og_type":"article","og_title":"Servicios de Salud Mental en Educaci\u00f3n Especial - North Los Angeles County","og_description":"Servicios de Salud Mental en Educaci\u00f3n Especial - Fecha y Hora: Martes, 17 de marzo de 2026 \u2014 10:00am a 11:30am Tema: Servicios de Salud Mental Relacionados con la Educaci\u00f3n (ERMHS) Idioma: Espa\u00f1ol","og_url":"https:\/\/www.nlacrc.org\/tl\/calendar\/servicios-de-salud-mental-en-educacion-especial\/","og_site_name":"North Los Angeles County","article_publisher":"https:\/\/www.facebook.com\/NLACRC\/","article_modified_time":"2026-03-09T20:24:00+00:00","og_image":[{"url":"https:\/\/www.nlacrc.org\/wp-content\/uploads\/2026\/03\/servicios-de-salud-mental-en-educacion-especial-1-819x1024.png","type":"","width":"","height":""}],"twitter_card":"summary_large_image","twitter_site":"@NLACRC","twitter_misc":{"Est. reading time":"1 minute"},"schema":{"@context":"https:\/\/schema.org","@graph":[{"@type":"WebPage","@id":"https:\/\/www.nlacrc.org\/tl\/calendar\/servicios-de-salud-mental-en-educacion-especial\/","url":"https:\/\/www.nlacrc.org\/tl\/calendar\/servicios-de-salud-mental-en-educacion-especial\/","name":"Servicios de Salud Mental en Educaci\u00f3n Especial - North Los Angeles County","isPartOf":{"@id":"https:\/\/www.nlacrc.org\/fa\/#website"},"primaryImageOfPage":{"@id":"https:\/\/www.nlacrc.org\/tl\/calendar\/servicios-de-salud-mental-en-educacion-especial\/#primaryimage"},"image":{"@id":"https:\/\/www.nlacrc.org\/tl\/calendar\/servicios-de-salud-mental-en-educacion-especial\/#primaryimage"},"thumbnailUrl":"https:\/\/www.nlacrc.org\/wp-content\/uploads\/2026\/03\/servicios-de-salud-mental-en-educacion-especial-1-819x1024.png","datePublished":"2026-03-09T20:16:23+00:00","dateModified":"2026-03-09T20:24:00+00:00","description":"Servicios de Salud Mental en Educaci\u00f3n Especial - Fecha y Hora: Martes, 17 de marzo de 2026 \u2014 10:00am a 11:30am Tema: Servicios de Salud Mental Relacionados con la Educaci\u00f3n (ERMHS) Idioma: Espa\u00f1ol","breadcrumb":{"@id":"https:\/\/www.nlacrc.org\/tl\/calendar\/servicios-de-salud-mental-en-educacion-especial\/#breadcrumb"},"inLanguage":"tl","potentialAction":[{"@type":"ReadAction","target":["https:\/\/www.nlacrc.org\/tl\/calendar\/servicios-de-salud-mental-en-educacion-especial\/"]}]},{"@type":"ImageObject","inLanguage":"tl","@id":"https:\/\/www.nlacrc.org\/tl\/calendar\/servicios-de-salud-mental-en-educacion-especial\/#primaryimage","url":"https:\/\/www.nlacrc.org\/wp-content\/uploads\/2026\/03\/servicios-de-salud-mental-en-educacion-especial-1-819x1024.png","contentUrl":"https:\/\/www.nlacrc.org\/wp-content\/uploads\/2026\/03\/servicios-de-salud-mental-en-educacion-especial-1-819x1024.png"},{"@type":"BreadcrumbList","@id":"https:\/\/www.nlacrc.org\/tl\/calendar\/servicios-de-salud-mental-en-educacion-especial\/#breadcrumb","itemListElement":[{"@type":"ListItem","position":1,"name":"Home","item":"https:\/\/www.nlacrc.org\/"},{"@type":"ListItem","position":2,"name":"Events","item":"https:\/\/nlacrc.org\/tl\/calendar\/"},{"@type":"ListItem","position":3,"name":"Servicios de Salud Mental en Educaci\u00f3n Especial"}]},{"@type":"WebSite","@id":"https:\/\/www.nlacrc.org\/fa\/#website","url":"https:\/\/www.nlacrc.org\/fa\/","name":"North Los Angeles County","description":"Sentro ng Rehiyon","publisher":{"@id":"https:\/\/www.nlacrc.org\/fa\/#organization"},"potentialAction":[{"@type":"SearchAction","target":{"@type":"EntryPoint","urlTemplate":"https:\/\/www.nlacrc.org\/fa\/?s={search_term_string}"},"query-input":{"@type":"PropertyValueSpecification","valueRequired":true,"valueName":"search_term_string"}}],"inLanguage":"tl"},{"@type":"Organization","@id":"https:\/\/www.nlacrc.org\/fa\/#organization","name":"North Los Angeles County","url":"https:\/\/www.nlacrc.org\/fa\/","logo":{"@type":"ImageObject","inLanguage":"tl","@id":"https:\/\/www.nlacrc.org\/fa\/#\/schema\/logo\/image\/","url":"https:\/\/www.nlacrc.org\/wp-content\/uploads\/2024\/06\/logo.svg","contentUrl":"https:\/\/www.nlacrc.org\/wp-content\/uploads\/2024\/06\/logo.svg","width":131,"height":130,"caption":"North Los Angeles County"},"image":{"@id":"https:\/\/www.nlacrc.org\/fa\/#\/schema\/logo\/image\/"},"sameAs":["https:\/\/www.facebook.com\/NLACRC\/","https:\/\/x.com\/NLACRC"]}]}},"featured_img":false,"coauthors":[],"author_meta":{"author_link":"https:\/\/www.nlacrc.org\/tl\/author\/mvivanco\/","display_name":"Martin Vivanco"},"relative_dates":{"created":"Posted 2 months ago","modified":"Updated 2 months ago"},"absolute_dates":{"created":"Posted on March 9, 2026","modified":"Updated on March 9, 2026"},"absolute_dates_time":{"created":"Posted on March 9, 2026 1:16 pm","modified":"Updated on March 9, 2026 1:24 pm"},"featured_img_caption":"","tax_additional":{"post_tag":{"linked":[],"unlinked":[],"slug":"post_tag","name":"Tags"},"tribe_events_cat":{"linked":["<a href=\"https:\/\/www.nlacrc.org\/tl\/calendar\/category\/events\/\" class=\"advgb-post-tax-term\">Events<\/a>"],"unlinked":["<span class=\"advgb-post-tax-term\">Events<\/span>"],"slug":"tribe_events_cat","name":"Event Categories"}},"series_order":"","_links":{"self":[{"href":"https:\/\/www.nlacrc.org\/tl\/wp-json\/wp\/v2\/tribe_events\/59842","targetHints":{"allow":["GET"]}}],"collection":[{"href":"https:\/\/www.nlacrc.org\/tl\/wp-json\/wp\/v2\/tribe_events"}],"about":[{"href":"https:\/\/www.nlacrc.org\/tl\/wp-json\/wp\/v2\/types\/tribe_events"}],"author":[{"embeddable":true,"href":"https:\/\/www.nlacrc.org\/tl\/wp-json\/wp\/v2\/users\/67"}],"version-history":[{"count":4,"href":"https:\/\/www.nlacrc.org\/tl\/wp-json\/wp\/v2\/tribe_events\/59842\/revisions"}],"predecessor-version":[{"id":59847,"href":"https:\/\/www.nlacrc.org\/tl\/wp-json\/wp\/v2\/tribe_events\/59842\/revisions\/59847"}],"wp:attachment":[{"href":"https:\/\/www.nlacrc.org\/tl\/wp-json\/wp\/v2\/media?parent=59842"}],"wp:term":[{"taxonomy":"post_tag","embeddable":true,"href":"https:\/\/www.nlacrc.org\/tl\/wp-json\/wp\/v2\/tags?post=59842"},{"taxonomy":"tribe_events_cat","embeddable":true,"href":"https:\/\/www.nlacrc.org\/tl\/wp-json\/wp\/v2\/tribe_events_cat?post=59842"}],"curies":[{"name":"wp","href":"https:\/\/api.w.org\/{rel}","templated":true}]}}