{"id":47060,"date":"2024-09-06T16:42:33","date_gmt":"2024-09-06T23:42:33","guid":{"rendered":"https:\/\/www.nlacrc.org\/?post_type=tribe_events&#038;p=47060"},"modified":"2024-09-24T19:06:31","modified_gmt":"2024-09-25T02:06:31","slug":"grupo-de-apoyo-cultivar-y-crecer-ffrc","status":"publish","type":"tribe_events","link":"https:\/\/www.nlacrc.org\/tl\/calendar\/grupo-de-apoyo-cultivar-y-crecer-ffrc\/","title":{"rendered":"Grupo de Apoyo \u201cCultivar y Crecer\u201d (FFRC)"},"content":{"rendered":"<p><b>Bienvenidos a nuestro grupo de apoyo Cultivar y Crecer!<\/b><br \/>\nNos reunion por lo regular el 4to viernes del mes a las 6:30 PM sa Zoom, y ocasionalmente nos reunimos en persona. Baguhin ang el calendario 2024 para ver fechas exactas. Ang grupong ito ay en colaboraci\u00f3n con la Asociaci\u00f3n de S\u00edndrome de Down por sus siglas en ingl\u00e9s DSALA.<\/p>\n<p>Para mas informaci\u00f3n ll\u00e1menos o mande un correo electr\u00f3nico<br \/>\n818-374-9107 o 818-7860001\u00a0<a href=\"mailto:fatima.castaneda@csun.edu\" target=\"_blank\" rel=\"noopener\"><u>maria.castaneda@csun.edu<\/u><\/a>\u00a0 o\u00a0<a href=\"mailto:sandra@dsala.org\" target=\"_blank\" rel=\"noopener\"><u>sandra@dsala.org<\/u><\/a><\/p>\n<p><b>Enlace para reunion- NO NECESITA REGISTRACION<\/b><br \/>\n<a href=\"https:\/\/csun.zoom.us\/j\/88331801159?pwd=cnJQUkZJZHQwQVZXWGltM1ZuazhBZz09\"><u>https:\/\/csun.zoom.us\/j\/88331801159?pwd=cnJQUkZJZHQwQVZXWGltM1ZuazhBZz09<\/u><\/a><\/p>\n<p>ID ng Pagpupulong: 883 3180 1159<br \/>\nPasscode: 848875<\/p>\n<p><strong><em>Cultivar y Crecer 2024 reuniones son por zoom y en persona de 6:30 PM -8:00PM :\u00a0<\/em><\/strong>Agosto 23 , Septiembre 27 , Oktubre 25, Noviembre 15 (En persona). Diciembre 6 (En persona)<\/p>","protected":false},"excerpt":{"rendered":"Bienvenidos a nuestro grupo de apoyo Cultivar y Crecer! Nos reunion por lo regular el 4to viernes del mes a [\u2026]","protected":false},"author":61,"featured_media":47006,"template":"","meta":{"_acf_changed":false,"advgb_blocks_editor_width":"","advgb_blocks_columns_visual_guide":"","_EventAllDay":false,"_EventTimezone":"America\/Los_Angeles","_EventStartDate":"2024-09-27 18:30:00","_EventEndDate":"2024-09-27 20:00:00","_EventStartDateUTC":"2024-09-28 01:30:00","_EventEndDateUTC":"2024-09-28 03:00:00","_EventShowMap":false,"_EventShowMapLink":false,"_EventURL":"","_EventCost":"","_EventCostDescription":"","_EventCurrencySymbol":"$","_EventCurrencyCode":"USD","_EventCurrencyPosition":"prefix","_EventDateTimeSeparator":"","_EventTimeRangeSeparator":"","_EventOrganizerID":[],"_EventVenueID":[],"_OrganizerEmail":"","_OrganizerPhone":"","_OrganizerWebsite":"","_VenueAddress":"","_VenueCity":"","_VenueCountry":"","_VenueProvince":"","_VenueState":"","_VenueZip":"","_VenuePhone":"","_VenueURL":"","_VenueStateProvince":"","_VenueLat":"","_VenueLng":"","_VenueShowMap":false,"_VenueShowMapLink":false,"_tribe_blocks_recurrence_rules":"","_tribe_blocks_recurrence_description":"","_tribe_blocks_recurrence_exclusions":"","_tribe_events_status":"","_tribe_events_status_reason":"","_tribe_events_is_hybrid":"","_tribe_events_is_virtual":"","_tribe_events_virtual_video_source":"","_tribe_events_virtual_embed_video":"","_tribe_events_virtual_linked_button_text":"","_tribe_events_virtual_linked_button":"","_tribe_events_virtual_show_embed_at":"","_tribe_events_virtual_show_embed_to":[],"_tribe_events_virtual_show_on_event":"","_tribe_events_virtual_show_on_views":"","_tribe_events_virtual_url":"","footnotes":""},"tags":[],"tribe_events_cat":[587],"class_list":["post-47060","tribe_events","type-tribe_events","status-publish","has-post-thumbnail","hentry","tribe_events_cat-community","cat_community"],"acf":[],"yoast_head":"<!-- This site is optimized with the Yoast SEO plugin v26.4 - https:\/\/yoast.com\/wordpress\/plugins\/seo\/ -->\n<title>Grupo de Apoyo \u201cCultivar y Crecer\u201d (FFRC) - North Los Angeles County<\/title>\n<meta name=\"description\" content=\"Grupo de Apoyo \u201cCultivar y Crecer\u201d (FFRC) - Bienvenidos a\u00a0 nuestro grupo de apoyo Cultivar y Crecer! Nos reunimos por lo regular el 4to viernes del mes a las 6:30 PM por Zoom, y ocasionalmente nos\" \/>\n<meta name=\"robots\" content=\"noindex, follow\" \/>\n<meta property=\"og:locale\" content=\"en_US\" \/>\n<meta property=\"og:type\" content=\"article\" \/>\n<meta property=\"og:title\" content=\"Grupo de Apoyo \u201cCultivar y Crecer\u201d (FFRC) - North Los Angeles County\" \/>\n<meta property=\"og:description\" content=\"Grupo de Apoyo \u201cCultivar y Crecer\u201d (FFRC) - Bienvenidos a\u00a0 nuestro grupo de apoyo Cultivar y Crecer! Nos reunimos por lo regular el 4to viernes del mes a las 6:30 PM por Zoom, y ocasionalmente nos\" \/>\n<meta property=\"og:url\" content=\"https:\/\/www.nlacrc.org\/tl\/calendar\/grupo-de-apoyo-cultivar-y-crecer-ffrc\/\" \/>\n<meta property=\"og:site_name\" content=\"North Los Angeles County\" \/>\n<meta property=\"article:publisher\" content=\"https:\/\/www.facebook.com\/NLACRC\/\" \/>\n<meta property=\"article:modified_time\" content=\"2024-09-25T02:06:31+00:00\" \/>\n<meta property=\"og:image\" content=\"https:\/\/www.nlacrc.org\/wp-content\/uploads\/2024\/09\/2024-cultivar-y-crecer.png\" \/>\n\t<meta property=\"og:image:width\" content=\"1080\" \/>\n\t<meta property=\"og:image:height\" content=\"1080\" \/>\n\t<meta property=\"og:image:type\" content=\"image\/png\" \/>\n<meta name=\"twitter:card\" content=\"summary_large_image\" \/>\n<meta name=\"twitter:site\" content=\"@NLACRC\" \/>\n<meta name=\"twitter:label1\" content=\"Est. reading time\" \/>\n\t<meta name=\"twitter:data1\" content=\"1 minute\" \/>\n<script type=\"application\/ld+json\" class=\"yoast-schema-graph\">{\"@context\":\"https:\/\/schema.org\",\"@graph\":[{\"@type\":\"WebPage\",\"@id\":\"https:\/\/www.nlacrc.org\/tl\/calendar\/grupo-de-apoyo-cultivar-y-crecer-ffrc\/\",\"url\":\"https:\/\/www.nlacrc.org\/tl\/calendar\/grupo-de-apoyo-cultivar-y-crecer-ffrc\/\",\"name\":\"Grupo de Apoyo \u201cCultivar y Crecer\u201d (FFRC) - North Los Angeles County\",\"isPartOf\":{\"@id\":\"https:\/\/www.nlacrc.org\/fa\/#website\"},\"primaryImageOfPage\":{\"@id\":\"https:\/\/www.nlacrc.org\/tl\/calendar\/grupo-de-apoyo-cultivar-y-crecer-ffrc\/#primaryimage\"},\"image\":{\"@id\":\"https:\/\/www.nlacrc.org\/tl\/calendar\/grupo-de-apoyo-cultivar-y-crecer-ffrc\/#primaryimage\"},\"thumbnailUrl\":\"https:\/\/www.nlacrc.org\/wp-content\/uploads\/2024\/09\/2024-cultivar-y-crecer.png\",\"datePublished\":\"2024-09-06T23:42:33+00:00\",\"dateModified\":\"2024-09-25T02:06:31+00:00\",\"description\":\"Grupo de Apoyo \u201cCultivar y Crecer\u201d (FFRC) - Bienvenidos a\u00a0 nuestro grupo de apoyo Cultivar y Crecer! Nos reunimos por lo regular el 4to viernes del mes a las 6:30 PM por Zoom, y ocasionalmente nos\",\"breadcrumb\":{\"@id\":\"https:\/\/www.nlacrc.org\/tl\/calendar\/grupo-de-apoyo-cultivar-y-crecer-ffrc\/#breadcrumb\"},\"inLanguage\":\"tl\",\"potentialAction\":[{\"@type\":\"ReadAction\",\"target\":[\"https:\/\/www.nlacrc.org\/tl\/calendar\/grupo-de-apoyo-cultivar-y-crecer-ffrc\/\"]}]},{\"@type\":\"ImageObject\",\"inLanguage\":\"tl\",\"@id\":\"https:\/\/www.nlacrc.org\/tl\/calendar\/grupo-de-apoyo-cultivar-y-crecer-ffrc\/#primaryimage\",\"url\":\"https:\/\/www.nlacrc.org\/wp-content\/uploads\/2024\/09\/2024-cultivar-y-crecer.png\",\"contentUrl\":\"https:\/\/www.nlacrc.org\/wp-content\/uploads\/2024\/09\/2024-cultivar-y-crecer.png\",\"width\":1080,\"height\":1080},{\"@type\":\"BreadcrumbList\",\"@id\":\"https:\/\/www.nlacrc.org\/tl\/calendar\/grupo-de-apoyo-cultivar-y-crecer-ffrc\/#breadcrumb\",\"itemListElement\":[{\"@type\":\"ListItem\",\"position\":1,\"name\":\"Home\",\"item\":\"https:\/\/www.nlacrc.org\/fa\/\"},{\"@type\":\"ListItem\",\"position\":2,\"name\":\"Events\",\"item\":\"https:\/\/www.nlacrc.org\/fa\/%d8%aa%d9%82%d9%88%db%8c%d9%85\/\"},{\"@type\":\"ListItem\",\"position\":3,\"name\":\"Grupo de Apoyo \u201cCultivar y Crecer\u201d (FFRC)\"}]},{\"@type\":\"WebSite\",\"@id\":\"https:\/\/www.nlacrc.org\/fa\/#website\",\"url\":\"https:\/\/www.nlacrc.org\/fa\/\",\"name\":\"North Los Angeles County\",\"description\":\"Regional Center\",\"publisher\":{\"@id\":\"https:\/\/www.nlacrc.org\/fa\/#organization\"},\"potentialAction\":[{\"@type\":\"SearchAction\",\"target\":{\"@type\":\"EntryPoint\",\"urlTemplate\":\"https:\/\/www.nlacrc.org\/fa\/?s={search_term_string}\"},\"query-input\":{\"@type\":\"PropertyValueSpecification\",\"valueRequired\":true,\"valueName\":\"search_term_string\"}}],\"inLanguage\":\"tl\"},{\"@type\":\"Organization\",\"@id\":\"https:\/\/www.nlacrc.org\/fa\/#organization\",\"name\":\"North Los Angeles County\",\"url\":\"https:\/\/www.nlacrc.org\/fa\/\",\"logo\":{\"@type\":\"ImageObject\",\"inLanguage\":\"tl\",\"@id\":\"https:\/\/www.nlacrc.org\/fa\/#\/schema\/logo\/image\/\",\"url\":\"https:\/\/www.nlacrc.org\/wp-content\/uploads\/2024\/06\/logo.svg\",\"contentUrl\":\"https:\/\/www.nlacrc.org\/wp-content\/uploads\/2024\/06\/logo.svg\",\"width\":131,\"height\":130,\"caption\":\"North Los Angeles County\"},\"image\":{\"@id\":\"https:\/\/www.nlacrc.org\/fa\/#\/schema\/logo\/image\/\"},\"sameAs\":[\"https:\/\/www.facebook.com\/NLACRC\/\",\"https:\/\/x.com\/NLACRC\"]}]}<\/script>\n<!-- \/ Yoast SEO plugin. -->","yoast_head_json":{"title":"Grupo de Apoyo \u201cCultivar y Crecer\u201d (FFRC) - North Los Angeles County","description":"Grupo de Apoyo \u201cCultivar y Crecer\u201d (FFRC) - Bienvenidos a nuestro grupo de apoyo Cultivar y Crecer! Nos reunimos por lo regular el 4to viernes del mes a las 6:30 PM sa Zoom, y ocasionalmente nos","robots":{"index":"noindex","follow":"follow"},"og_locale":"en_US","og_type":"article","og_title":"Grupo de Apoyo \u201cCultivar y Crecer\u201d (FFRC) - North Los Angeles County","og_description":"Grupo de Apoyo \u201cCultivar y Crecer\u201d (FFRC) - Bienvenidos a\u00a0 nuestro grupo de apoyo Cultivar y Crecer! Nos reunimos por lo regular el 4to viernes del mes a las 6:30 PM por Zoom, y ocasionalmente nos","og_url":"https:\/\/www.nlacrc.org\/tl\/calendar\/grupo-de-apoyo-cultivar-y-crecer-ffrc\/","og_site_name":"North Los Angeles County","article_publisher":"https:\/\/www.facebook.com\/NLACRC\/","article_modified_time":"2024-09-25T02:06:31+00:00","og_image":[{"width":1080,"height":1080,"url":"https:\/\/www.nlacrc.org\/wp-content\/uploads\/2024\/09\/2024-cultivar-y-crecer.png","type":"image\/png"}],"twitter_card":"summary_large_image","twitter_site":"@NLACRC","twitter_misc":{"Est. reading time":"1 minute"},"schema":{"@context":"https:\/\/schema.org","@graph":[{"@type":"WebPage","@id":"https:\/\/www.nlacrc.org\/tl\/calendar\/grupo-de-apoyo-cultivar-y-crecer-ffrc\/","url":"https:\/\/www.nlacrc.org\/tl\/calendar\/grupo-de-apoyo-cultivar-y-crecer-ffrc\/","name":"Grupo de Apoyo \u201cCultivar y Crecer\u201d (FFRC) - North Los Angeles County","isPartOf":{"@id":"https:\/\/www.nlacrc.org\/fa\/#website"},"primaryImageOfPage":{"@id":"https:\/\/www.nlacrc.org\/tl\/calendar\/grupo-de-apoyo-cultivar-y-crecer-ffrc\/#primaryimage"},"image":{"@id":"https:\/\/www.nlacrc.org\/tl\/calendar\/grupo-de-apoyo-cultivar-y-crecer-ffrc\/#primaryimage"},"thumbnailUrl":"https:\/\/www.nlacrc.org\/wp-content\/uploads\/2024\/09\/2024-cultivar-y-crecer.png","datePublished":"2024-09-06T23:42:33+00:00","dateModified":"2024-09-25T02:06:31+00:00","description":"Grupo de Apoyo \u201cCultivar y Crecer\u201d (FFRC) - Bienvenidos a nuestro grupo de apoyo Cultivar y Crecer! Nos reunimos por lo regular el 4to viernes del mes a las 6:30 PM sa Zoom, y ocasionalmente nos","breadcrumb":{"@id":"https:\/\/www.nlacrc.org\/tl\/calendar\/grupo-de-apoyo-cultivar-y-crecer-ffrc\/#breadcrumb"},"inLanguage":"tl","potentialAction":[{"@type":"ReadAction","target":["https:\/\/www.nlacrc.org\/tl\/calendar\/grupo-de-apoyo-cultivar-y-crecer-ffrc\/"]}]},{"@type":"ImageObject","inLanguage":"tl","@id":"https:\/\/www.nlacrc.org\/tl\/calendar\/grupo-de-apoyo-cultivar-y-crecer-ffrc\/#primaryimage","url":"https:\/\/www.nlacrc.org\/wp-content\/uploads\/2024\/09\/2024-cultivar-y-crecer.png","contentUrl":"https:\/\/www.nlacrc.org\/wp-content\/uploads\/2024\/09\/2024-cultivar-y-crecer.png","width":1080,"height":1080},{"@type":"BreadcrumbList","@id":"https:\/\/www.nlacrc.org\/tl\/calendar\/grupo-de-apoyo-cultivar-y-crecer-ffrc\/#breadcrumb","itemListElement":[{"@type":"ListItem","position":1,"name":"Home","item":"https:\/\/www.nlacrc.org\/fa\/"},{"@type":"ListItem","position":2,"name":"Events","item":"https:\/\/www.nlacrc.org\/fa\/%d8%aa%d9%82%d9%88%db%8c%d9%85\/"},{"@type":"ListItem","position":3,"name":"Grupo de Apoyo \u201cCultivar y Crecer\u201d (FFRC)"}]},{"@type":"WebSite","@id":"https:\/\/www.nlacrc.org\/fa\/#website","url":"https:\/\/www.nlacrc.org\/fa\/","name":"North Los Angeles County","description":"Sentro ng Rehiyon","publisher":{"@id":"https:\/\/www.nlacrc.org\/fa\/#organization"},"potentialAction":[{"@type":"SearchAction","target":{"@type":"EntryPoint","urlTemplate":"https:\/\/www.nlacrc.org\/fa\/?s={search_term_string}"},"query-input":{"@type":"PropertyValueSpecification","valueRequired":true,"valueName":"search_term_string"}}],"inLanguage":"tl"},{"@type":"Organization","@id":"https:\/\/www.nlacrc.org\/fa\/#organization","name":"North Los Angeles County","url":"https:\/\/www.nlacrc.org\/fa\/","logo":{"@type":"ImageObject","inLanguage":"tl","@id":"https:\/\/www.nlacrc.org\/fa\/#\/schema\/logo\/image\/","url":"https:\/\/www.nlacrc.org\/wp-content\/uploads\/2024\/06\/logo.svg","contentUrl":"https:\/\/www.nlacrc.org\/wp-content\/uploads\/2024\/06\/logo.svg","width":131,"height":130,"caption":"North Los Angeles County"},"image":{"@id":"https:\/\/www.nlacrc.org\/fa\/#\/schema\/logo\/image\/"},"sameAs":["https:\/\/www.facebook.com\/NLACRC\/","https:\/\/x.com\/NLACRC"]}]}},"featured_img":"https:\/\/www.nlacrc.org\/wp-content\/uploads\/2024\/09\/2024-cultivar-y-crecer.png","coauthors":[],"author_meta":{"author_link":"https:\/\/www.nlacrc.org\/tl\/author\/jvanderiet\/","display_name":"jvanderiet"},"relative_dates":{"created":"Posted 2 years ago","modified":"Updated 2 years ago"},"absolute_dates":{"created":"Posted on September 6, 2024","modified":"Updated on September 24, 2024"},"absolute_dates_time":{"created":"Posted on September 6, 2024 4:42 pm","modified":"Updated on September 24, 2024 7:06 pm"},"featured_img_caption":"","tax_additional":{"post_tag":{"linked":[],"unlinked":[],"slug":"post_tag","name":"Mga Tag"},"tribe_events_cat":{"linked":["<a href=\"https:\/\/www.nlacrc.org\/tl\/calendar\/category\/events\/community\/\" class=\"advgb-post-tax-term\">Community<\/a>"],"unlinked":["<span class=\"advgb-post-tax-term\">Community<\/span>"],"slug":"tribe_events_cat","name":"Mga Kategorya ng Kaganapan"}},"series_order":"","_links":{"self":[{"href":"https:\/\/www.nlacrc.org\/tl\/wp-json\/wp\/v2\/tribe_events\/47060","targetHints":{"allow":["GET"]}}],"collection":[{"href":"https:\/\/www.nlacrc.org\/tl\/wp-json\/wp\/v2\/tribe_events"}],"about":[{"href":"https:\/\/www.nlacrc.org\/tl\/wp-json\/wp\/v2\/types\/tribe_events"}],"author":[{"embeddable":true,"href":"https:\/\/www.nlacrc.org\/tl\/wp-json\/wp\/v2\/users\/61"}],"version-history":[{"count":3,"href":"https:\/\/www.nlacrc.org\/tl\/wp-json\/wp\/v2\/tribe_events\/47060\/revisions"}],"predecessor-version":[{"id":47691,"href":"https:\/\/www.nlacrc.org\/tl\/wp-json\/wp\/v2\/tribe_events\/47060\/revisions\/47691"}],"wp:featuredmedia":[{"embeddable":true,"href":"https:\/\/www.nlacrc.org\/tl\/wp-json\/wp\/v2\/media\/47006"}],"wp:attachment":[{"href":"https:\/\/www.nlacrc.org\/tl\/wp-json\/wp\/v2\/media?parent=47060"}],"wp:term":[{"taxonomy":"post_tag","embeddable":true,"href":"https:\/\/www.nlacrc.org\/tl\/wp-json\/wp\/v2\/tags?post=47060"},{"taxonomy":"tribe_events_cat","embeddable":true,"href":"https:\/\/www.nlacrc.org\/tl\/wp-json\/wp\/v2\/tribe_events_cat?post=47060"}],"curies":[{"name":"wp","href":"https:\/\/api.w.org\/{rel}","templated":true}]}}